{"id":18181,"date":"2025-08-15T15:50:30","date_gmt":"2025-08-15T19:50:30","guid":{"rendered":"https:\/\/avispl.com\/mx\/?post_type=event&#038;p=18181"},"modified":"2025-08-29T12:19:36","modified_gmt":"2025-08-29T16:19:36","slug":"vibe-mexico","status":"publish","type":"event","link":"https:\/\/avispl.es\/en\/event\/vibe-mexico\/","title":{"rendered":"VIBE Mexico"},"content":{"rendered":"\n<section class=\"hero page-block hero--small\">\n            <picture class=\"hero__bg\">\n            <source\n                srcset=\"\"\n                media=\"(max-width: 480px)\"\n                alt=\"Decorative image\">\n\n            <img decoding=\"async\"\n                src=\"https:\/\/avispl.es\/wp-content\/uploads\/sites\/21\/2025\/08\/Image-4.jpg\"\n                alt=\"VIBE Mexico\"\n                loading=\"lazy\">\n        <\/picture>\n    \n                        <div class=\"hero__content\">\n                <div class=\"container\">\n                                                               <h1 data-splitting=\"words\">VIBE CDMX<\/h1>\n                    \n                                            <div class=\"hero__content__text\"><p>Join our event and walk away with actionable steps to create your future-ready smart workplace with Microsoft Teams, Teams Phone, Teams Premium, Copilot, and Places.<\/p>\n<\/p>\n                    \n                    \n                    <button class=\"hero__scroll scroll-btn scroll-btn--o scroll-to-main\"\n\t\t\t\t        aria-label=\"Scroll to bottom of the hero section\"\n\t\t\t\t        title=\"Scroll to bottom of the hero section\">\n\t\t\t\t\t    <span class=\"sr-only\">Scroll to bottom of the hero section<\/span>\n\t\t\t\t\t<\/button>\n                <\/div>\n            <\/div>\n            <\/section>\n<div id=\"main-content\"><\/div>\n\n\n\n<section class=\"event-booking-cta page-block\" role=\"region\">\n\t<div class=\"container\">\n\t\t<div class=\"event-booking-cta__left\">\n\t\t\t\t            <p class=\"event-booking-cta__date\">September 4, 2025<\/p>\n\t        \t\t\t\t\t\t    <ul class=\"event-booking-cta__details\">\n\t\t\t    \t\t\t        <li>Inspark Plaza Carso: C. Lago Zurich 119, Granada,<\/li>\n\t\t\t    \t\t\t        <li>Miguel Hidalgo, 11529 Ciudad de M\u00e9xico, CDMX<\/li>\n\t\t\t    \t\t\t        <li>6:00 pm &#8211; 11:00 pm<\/li>\n\t\t\t    \t\t\t    <\/ul>\n\t\t\t\t\t<\/div>\n\t\t<a class=\"ui-btn ui-btn--primary ui-btn--primary-dark\"href=\"#contact\"><span>Register Now<\/span><\/a>\t<\/div>\n<\/section>\n\n\n\n\n\n<section class=\"image-text-new page-block image-text-new--lg image-text-new--r\" role=\"region\">\n\t<div class=\"container\">\n\t\t<div class=\"image-text-new__image image-text-new__image--grid\">\n\t\t\t\t\t\t\t<div class=\"image-text-new__image__wrap\">\n\t\t\t\t    <img loading=\"lazy\" decoding=\"async\" width=\"900\" height=\"600\" src=\"https:\/\/avispl.es\/wp-content\/uploads\/sites\/21\/2025\/08\/5-02-24-AVI-SPL-325-900p-1.jpg\" class=\"attachment-full size-full\" alt=\"\" srcset=\"https:\/\/avispl.es\/wp-content\/uploads\/sites\/21\/2025\/08\/5-02-24-AVI-SPL-325-900p-1.jpg 900w, https:\/\/avispl.es\/wp-content\/uploads\/sites\/21\/2025\/08\/5-02-24-AVI-SPL-325-900p-1-300x200.jpg 300w, https:\/\/avispl.es\/wp-content\/uploads\/sites\/21\/2025\/08\/5-02-24-AVI-SPL-325-900p-1-768x512.jpg 768w, https:\/\/avispl.es\/wp-content\/uploads\/sites\/21\/2025\/08\/5-02-24-AVI-SPL-325-900p-1-125x83.jpg 125w\" sizes=\"auto, (max-width: 900px) 100vw, 900px\" \/>\t\t\t\t<\/div>\n\t\t\t\t\t<\/div>\n\n\t\t<div class=\"image-text-new__text\">\n                        \t<h3 class=\"h2\">JOIN US TO LEARN ABOUT MICROSOFT INNOVATIONS<\/h3>\n                                    \t<div class=\"body-content\">\n                \t<p data-pm-slice=\"1 1 []\">Don&#8217;t miss this exclusive opportunity to explore how Signature Microsoft Teams Rooms, Teams Premium, Copilot, and Places help you create a smart workplace.<\/p>\n<p>Our experts and hands-on demos will show you how to create meaningful experiences for your modern workplace.<br \/>\n<!--\n\n\n<p style=\"text-align: left; padding-top: x2em;\">Registration is closed. Please reach out to <a class=\"PrimaryLink BaseLink\" href=\"mailto:events@avispl.es\" target=\"_blank\" rel=\"noreferrer noopener\">events@avispl.es<\/a> if you would like to attend.<\/p>\n\n\n --><\/p>\n                <\/div>\n                        <a class=\"ui-link ui-link--blue\"href=\"#contact\"><span>Register Now<\/span><\/a>                    <\/div>\n\t<\/div>\n<\/section>\n\n\n\n<section class=\"event-cards page-block\" role=\"region\">\n\t<div class=\"container\">\n\t\t<div class=\"page-block__header\">\n                            <h2>Dise\u00f1a tu lugar de trabajo del futuro, hoy.<\/h2>\n                                        <p>Descubre las tendencias que est\u00e1n transformando la colaboraci\u00f3n y con\u00e9ctate con l\u00edderes que est\u00e1n creando lo que viene. Todo en un espacio pensado para inspirarte e impulsarte. En VIBE podr\u00e1s encontrar:<\/p>\n                    <\/div>\n\n                    <div class=\"event-cards__grid\">\n                \n                    <div class=\"card\">\n\t\t\t\t\t     <div class=\"card__img\">\n\t\t\t\t\t       <img loading=\"lazy\" decoding=\"async\" width=\"413\" height=\"299\" src=\"https:\/\/avispl.es\/wp-content\/uploads\/sites\/21\/2025\/08\/card-1.jpg\" class=\"attachment-large size-large\" alt=\"Decorative image\" srcset=\"https:\/\/avispl.es\/wp-content\/uploads\/sites\/21\/2025\/08\/card-1.jpg 413w, https:\/\/avispl.es\/wp-content\/uploads\/sites\/21\/2025\/08\/card-1-300x217.jpg 300w, https:\/\/avispl.es\/wp-content\/uploads\/sites\/21\/2025\/08\/card-1-125x90.jpg 125w\" sizes=\"auto, (max-width: 413px) 100vw, 413px\" \/>\t\t\t\t\t    <\/div>\n\t\t\t\t\t    <div class=\"card__text\">\n\t\t\t\t\t    \tReuniones con expertos globales de nuestros equipos de UCC, ingenieria y servicios para hablar sobre tus necesidadesy explorar soluciones y servicios preparados para el futuro.\t\t\t\t\t\t<\/div>\n\t\t\t\t\t<\/div>\n\n\n                \n                    <div class=\"card\">\n\t\t\t\t\t     <div class=\"card__img\">\n\t\t\t\t\t       <img loading=\"lazy\" decoding=\"async\" width=\"413\" height=\"299\" src=\"https:\/\/avispl.es\/wp-content\/uploads\/sites\/21\/2025\/08\/card-2.jpg\" class=\"attachment-large size-large\" alt=\"Decorative image\" srcset=\"https:\/\/avispl.es\/wp-content\/uploads\/sites\/21\/2025\/08\/card-2.jpg 413w, https:\/\/avispl.es\/wp-content\/uploads\/sites\/21\/2025\/08\/card-2-300x217.jpg 300w, https:\/\/avispl.es\/wp-content\/uploads\/sites\/21\/2025\/08\/card-2-125x90.jpg 125w\" sizes=\"auto, (max-width: 413px) 100vw, 413px\" \/>\t\t\t\t\t    <\/div>\n\t\t\t\t\t    <div class=\"card__text\">\n\t\t\t\t\t    \tDemos interactivos que muestran nuestro innovador proceso de diseno, ayudandote a visualizar proyectos antes de invertir en ellos y construirlos.\t\t\t\t\t\t<\/div>\n\t\t\t\t\t<\/div>\n\n\n                \n                    <div class=\"card\">\n\t\t\t\t\t     <div class=\"card__img\">\n\t\t\t\t\t       <img loading=\"lazy\" decoding=\"async\" width=\"413\" height=\"299\" src=\"https:\/\/avispl.es\/wp-content\/uploads\/sites\/21\/2025\/08\/card-3.jpg\" class=\"attachment-large size-large\" alt=\"Decorative image\" srcset=\"https:\/\/avispl.es\/wp-content\/uploads\/sites\/21\/2025\/08\/card-3.jpg 413w, https:\/\/avispl.es\/wp-content\/uploads\/sites\/21\/2025\/08\/card-3-300x217.jpg 300w, https:\/\/avispl.es\/wp-content\/uploads\/sites\/21\/2025\/08\/card-3-125x90.jpg 125w\" sizes=\"auto, (max-width: 413px) 100vw, 413px\" \/>\t\t\t\t\t    <\/div>\n\t\t\t\t\t    <div class=\"card__text\">\n\t\t\t\t\t    \tNetworking y demostraciones con los principales socios tecnologicos de la industria para definir tus estrategias tecnologicas preparadas para el futuro.\t\t\t\t\t\t<\/div>\n\t\t\t\t\t<\/div>\n\n\n                            <\/div>\n        \t<\/div>\n<\/section>\n\n\n\n<section class=\"event-speakers page-block\" role=\"region\">\n\t<div class=\"container\">\n\t\t<div class=\"event-speakers__header\">\n                            <h3 class=\"h4\">Mentalidad del Futuro, Innovaci\u00f3n Disruptiva y Crecimiento Exponencial, capitalizando la IA<\/h3>\n                                        <p>Conoce a nuestra Speaker:\r\n\r\n\u00a1Prep\u00e1rate para una experiencia que transformar\u00e1 por completo tu visi\u00f3n del mundo digital! \r\nCon m\u00e1s de 25 a\u00f1os liderando procesos de cambio en m\u00e1s de 52 pa\u00edses y 5 continentes, la Dra. Victoria Holtz combina ciencia, tecnolog\u00eda y din\u00e1micas interactivas para ayudarte a descubrir tu personalidad digital.\r\n\r\nNo es una charla convencional: es una experiencia inmersiva, gamificada y personalizada, con avatares interactivos, simuladores de crecimiento exponencial y herramientas pr\u00e1cticas que podr\u00e1s aplicar desde el primer d\u00eda. La Dra. Holtz no solo te har\u00e1 reflexionar\u2026 te impulsar\u00e1 a actuar y liderar en la era digital.<\/p>\n                                <\/div>\n\n                     <div class=\"event-speakers__slider swiper\">\n            \t<div class=\"swiper-wrapper\">\n\t                \n\t                    <div class=\"speaker swiper-slide\">\n\t\t\t\t\t\t     <div class=\"speaker__img\">\n\t\t\t\t\t\t       <img loading=\"lazy\" decoding=\"async\" width=\"680\" height=\"680\" src=\"https:\/\/avispl.es\/wp-content\/uploads\/sites\/21\/2025\/08\/Victoria-Holtz_Estudio-scaled-1-1024x1024.jpg\" class=\"attachment-large size-large\" alt=\"Decorative image\" srcset=\"https:\/\/avispl.es\/wp-content\/uploads\/sites\/21\/2025\/08\/Victoria-Holtz_Estudio-scaled-1-1024x1024.jpg 1024w, https:\/\/avispl.es\/wp-content\/uploads\/sites\/21\/2025\/08\/Victoria-Holtz_Estudio-scaled-1-300x300.jpg 300w, https:\/\/avispl.es\/wp-content\/uploads\/sites\/21\/2025\/08\/Victoria-Holtz_Estudio-scaled-1-150x150.jpg 150w, https:\/\/avispl.es\/wp-content\/uploads\/sites\/21\/2025\/08\/Victoria-Holtz_Estudio-scaled-1-768x768.jpg 768w, https:\/\/avispl.es\/wp-content\/uploads\/sites\/21\/2025\/08\/Victoria-Holtz_Estudio-scaled-1-125x125.jpg 125w, https:\/\/avispl.es\/wp-content\/uploads\/sites\/21\/2025\/08\/Victoria-Holtz_Estudio-scaled-1.jpg 1271w\" sizes=\"auto, (max-width: 680px) 100vw, 680px\" \/>\t\t\t\t\t\t    <\/div>\n\t\t\t\t\t\t    <div class=\"speaker__text\">\n\t\t\t\t\t\t    \t<h6>Dra. Victoria Holtz<\/h6>\t\t\t\t\t\t    \t<p>CEO de Moveminds, Autora Bestseller, Experta en Crecimiento Exponencial, capitalizando la IA.<\/p>\t\t\t\t\t\t\t<\/div>\n\t\t\t\t\t\t<\/div>\n\n\t                \t            <\/div>\n            <\/div>\n        \n        \t<\/div>\n<\/section>\n\n\n\n<section class=\"event-agenda page-block\" role=\"region\">\n\t<div class=\"container\">\n\t\t<div class=\"event-agenda__header\">\n                            <h2>Agenda<\/h2>\n                                        <p>Join us for a day filled with innovative tech and engaging discussions.<\/p>\n                    <\/div>\n\n                    <div class=\"event-agenda__list\">\n                \n                    <div class=\"timetable-row\">\n                    \t<div class=\"timetable-row__icon\">\n\t\t\t\t\t       <img loading=\"lazy\" decoding=\"async\" width=\"1\" height=\"1\" src=\"https:\/\/avispl.es\/wp-content\/uploads\/sites\/21\/2024\/12\/agenda-icon.svg\" class=\"attachment-large size-large\" alt=\"people in a group icon\" \/>\t\t\t\t\t    <\/div>\n\t\t\t\t\t    <h6 class=\"timetable-row__time\">\n\t\t\t\t\t    \t6:00 p.m.\t\t\t\t\t\t<\/h6>\n\n\t\t\t\t\t\t<p class=\"timetable-row__details\">\n\t\t\t\t\t    \tRegistro e inicio de la feria tecnol\u00f3gica con marcas patrocinadoras\t\t\t\t\t\t<\/p>\n\t\t\t\t\t<\/div>\n                \n                    <div class=\"timetable-row\">\n                    \t<div class=\"timetable-row__icon\">\n\t\t\t\t\t       <img loading=\"lazy\" decoding=\"async\" width=\"1\" height=\"1\" src=\"https:\/\/avispl.es\/wp-content\/uploads\/sites\/21\/2024\/12\/agenda-icon.svg\" class=\"attachment-large size-large\" alt=\"people in a group icon\" \/>\t\t\t\t\t    <\/div>\n\t\t\t\t\t    <h6 class=\"timetable-row__time\">\n\t\t\t\t\t    \t7:30 p.m.\t\t\t\t\t\t<\/h6>\n\n\t\t\t\t\t\t<p class=\"timetable-row__details\">\n\t\t\t\t\t    \tBienvenida y Keynote de Dra. Victoria Holtz\t\t\t\t\t\t<\/p>\n\t\t\t\t\t<\/div>\n                \n                    <div class=\"timetable-row\">\n                    \t<div class=\"timetable-row__icon\">\n\t\t\t\t\t       <img loading=\"lazy\" decoding=\"async\" width=\"1\" height=\"1\" src=\"https:\/\/avispl.es\/wp-content\/uploads\/sites\/21\/2024\/12\/agenda-icon.svg\" class=\"attachment-large size-large\" alt=\"people in a group icon\" \/>\t\t\t\t\t    <\/div>\n\t\t\t\t\t    <h6 class=\"timetable-row__time\">\n\t\t\t\t\t    \t10:00 p.m.\t\t\t\t\t\t<\/h6>\n\n\t\t\t\t\t\t<p class=\"timetable-row__details\">\n\t\t\t\t\t    \tGran Rifa VIBE 2025\t\t\t\t\t\t<\/p>\n\t\t\t\t\t<\/div>\n                            <\/div>\n        \t<\/div>\n<\/section>\n\n\n\n<section class=\"event-sponsors page-block\" role=\"region\">\n\t<div class=\"container\">\n\t\t<div class=\"event-sponsors__header\">\n                            <h4 class=\"h6\">Conoce a las marcas que estar\u00e1n en VIBE<\/h4>\n                                <\/div>\n\n                    <div class=\"event-sponsors__grid\">\n                                    <div\n                        class=\"event-sponsors__grid__group\"\n                        style=\"animation: scroll-x 42s linear infinite;\"\n                        aria-hidden=\"false\"\n                    >\n                                                \t<div class=\"logo\">\n        \t                    <img loading=\"lazy\" decoding=\"async\" width=\"1200\" height=\"1200\" src=\"https:\/\/avispl.es\/wp-content\/uploads\/sites\/21\/2025\/08\/Crestron_Mesa-de-trabajo-1.webp\" class=\"attachment-full size-full\" alt=\"Logo\" srcset=\"https:\/\/avispl.es\/wp-content\/uploads\/sites\/21\/2025\/08\/Crestron_Mesa-de-trabajo-1.webp 1200w, https:\/\/avispl.es\/wp-content\/uploads\/sites\/21\/2025\/08\/Crestron_Mesa-de-trabajo-1-300x300.webp 300w, https:\/\/avispl.es\/wp-content\/uploads\/sites\/21\/2025\/08\/Crestron_Mesa-de-trabajo-1-1024x1024.webp 1024w, https:\/\/avispl.es\/wp-content\/uploads\/sites\/21\/2025\/08\/Crestron_Mesa-de-trabajo-1-150x150.webp 150w, https:\/\/avispl.es\/wp-content\/uploads\/sites\/21\/2025\/08\/Crestron_Mesa-de-trabajo-1-768x768.webp 768w, https:\/\/avispl.es\/wp-content\/uploads\/sites\/21\/2025\/08\/Crestron_Mesa-de-trabajo-1-125x125.webp 125w\" sizes=\"auto, (max-width: 1200px) 100vw, 1200px\" \/>        \t                <\/div>\n                                                \t<div class=\"logo\">\n        \t                    <img loading=\"lazy\" decoding=\"async\" width=\"1200\" height=\"1200\" src=\"https:\/\/avispl.es\/wp-content\/uploads\/sites\/21\/2025\/08\/lolli_Mesa-de-trabajo-1.png\" class=\"attachment-full size-full\" alt=\"Logo\" srcset=\"https:\/\/avispl.es\/wp-content\/uploads\/sites\/21\/2025\/08\/lolli_Mesa-de-trabajo-1.png 1200w, https:\/\/avispl.es\/wp-content\/uploads\/sites\/21\/2025\/08\/lolli_Mesa-de-trabajo-1-300x300.png 300w, https:\/\/avispl.es\/wp-content\/uploads\/sites\/21\/2025\/08\/lolli_Mesa-de-trabajo-1-1024x1024.png 1024w, https:\/\/avispl.es\/wp-content\/uploads\/sites\/21\/2025\/08\/lolli_Mesa-de-trabajo-1-150x150.png 150w, https:\/\/avispl.es\/wp-content\/uploads\/sites\/21\/2025\/08\/lolli_Mesa-de-trabajo-1-768x768.png 768w, https:\/\/avispl.es\/wp-content\/uploads\/sites\/21\/2025\/08\/lolli_Mesa-de-trabajo-1-125x125.png 125w\" sizes=\"auto, (max-width: 1200px) 100vw, 1200px\" \/>        \t                <\/div>\n                                                \t<div class=\"logo\">\n        \t                    <img loading=\"lazy\" decoding=\"async\" width=\"800\" height=\"800\" src=\"https:\/\/avispl.es\/wp-content\/uploads\/sites\/21\/2025\/08\/Q-Sys.webp\" class=\"attachment-full size-full\" alt=\"Logo\" srcset=\"https:\/\/avispl.es\/wp-content\/uploads\/sites\/21\/2025\/08\/Q-Sys.webp 800w, https:\/\/avispl.es\/wp-content\/uploads\/sites\/21\/2025\/08\/Q-Sys-300x300.webp 300w, https:\/\/avispl.es\/wp-content\/uploads\/sites\/21\/2025\/08\/Q-Sys-150x150.webp 150w, https:\/\/avispl.es\/wp-content\/uploads\/sites\/21\/2025\/08\/Q-Sys-768x768.webp 768w, https:\/\/avispl.es\/wp-content\/uploads\/sites\/21\/2025\/08\/Q-Sys-125x125.webp 125w\" sizes=\"auto, (max-width: 800px) 100vw, 800px\" \/>        \t                <\/div>\n                                                \t<div class=\"logo\">\n        \t                    <img loading=\"lazy\" decoding=\"async\" width=\"1200\" height=\"1200\" src=\"https:\/\/avispl.es\/wp-content\/uploads\/sites\/21\/2025\/08\/chur_Mesa-de-trabajo-1.webp\" class=\"attachment-full size-full\" alt=\"Logo\" srcset=\"https:\/\/avispl.es\/wp-content\/uploads\/sites\/21\/2025\/08\/chur_Mesa-de-trabajo-1.webp 1200w, https:\/\/avispl.es\/wp-content\/uploads\/sites\/21\/2025\/08\/chur_Mesa-de-trabajo-1-300x300.webp 300w, https:\/\/avispl.es\/wp-content\/uploads\/sites\/21\/2025\/08\/chur_Mesa-de-trabajo-1-1024x1024.webp 1024w, https:\/\/avispl.es\/wp-content\/uploads\/sites\/21\/2025\/08\/chur_Mesa-de-trabajo-1-150x150.webp 150w, https:\/\/avispl.es\/wp-content\/uploads\/sites\/21\/2025\/08\/chur_Mesa-de-trabajo-1-768x768.webp 768w, https:\/\/avispl.es\/wp-content\/uploads\/sites\/21\/2025\/08\/chur_Mesa-de-trabajo-1-125x125.webp 125w\" sizes=\"auto, (max-width: 1200px) 100vw, 1200px\" \/>        \t                <\/div>\n                                                \t<div class=\"logo\">\n        \t                    <img loading=\"lazy\" decoding=\"async\" width=\"800\" height=\"800\" src=\"https:\/\/avispl.es\/wp-content\/uploads\/sites\/21\/2025\/08\/Barco.webp\" class=\"attachment-full size-full\" alt=\"Logo\" srcset=\"https:\/\/avispl.es\/wp-content\/uploads\/sites\/21\/2025\/08\/Barco.webp 800w, https:\/\/avispl.es\/wp-content\/uploads\/sites\/21\/2025\/08\/Barco-300x300.webp 300w, https:\/\/avispl.es\/wp-content\/uploads\/sites\/21\/2025\/08\/Barco-150x150.webp 150w, https:\/\/avispl.es\/wp-content\/uploads\/sites\/21\/2025\/08\/Barco-768x768.webp 768w, https:\/\/avispl.es\/wp-content\/uploads\/sites\/21\/2025\/08\/Barco-125x125.webp 125w\" sizes=\"auto, (max-width: 800px) 100vw, 800px\" \/>        \t                <\/div>\n                                                \t<div class=\"logo\">\n        \t                    <img loading=\"lazy\" decoding=\"async\" width=\"1200\" height=\"1200\" src=\"https:\/\/avispl.es\/wp-content\/uploads\/sites\/21\/2025\/08\/quisti_Mesa-de-trabajo-1.webp\" class=\"attachment-full size-full\" alt=\"Logo\" srcset=\"https:\/\/avispl.es\/wp-content\/uploads\/sites\/21\/2025\/08\/quisti_Mesa-de-trabajo-1.webp 1200w, https:\/\/avispl.es\/wp-content\/uploads\/sites\/21\/2025\/08\/quisti_Mesa-de-trabajo-1-300x300.webp 300w, https:\/\/avispl.es\/wp-content\/uploads\/sites\/21\/2025\/08\/quisti_Mesa-de-trabajo-1-1024x1024.webp 1024w, https:\/\/avispl.es\/wp-content\/uploads\/sites\/21\/2025\/08\/quisti_Mesa-de-trabajo-1-150x150.webp 150w, https:\/\/avispl.es\/wp-content\/uploads\/sites\/21\/2025\/08\/quisti_Mesa-de-trabajo-1-768x768.webp 768w, https:\/\/avispl.es\/wp-content\/uploads\/sites\/21\/2025\/08\/quisti_Mesa-de-trabajo-1-125x125.webp 125w\" sizes=\"auto, (max-width: 1200px) 100vw, 1200px\" \/>        \t                <\/div>\n                                                \t<div class=\"logo\">\n        \t                    <img loading=\"lazy\" decoding=\"async\" width=\"1200\" height=\"1200\" src=\"https:\/\/avispl.es\/wp-content\/uploads\/sites\/21\/2025\/08\/ex_Mesa-de-trabajo-1.webp\" class=\"attachment-full size-full\" alt=\"Logo\" srcset=\"https:\/\/avispl.es\/wp-content\/uploads\/sites\/21\/2025\/08\/ex_Mesa-de-trabajo-1.webp 1200w, https:\/\/avispl.es\/wp-content\/uploads\/sites\/21\/2025\/08\/ex_Mesa-de-trabajo-1-300x300.webp 300w, https:\/\/avispl.es\/wp-content\/uploads\/sites\/21\/2025\/08\/ex_Mesa-de-trabajo-1-1024x1024.webp 1024w, https:\/\/avispl.es\/wp-content\/uploads\/sites\/21\/2025\/08\/ex_Mesa-de-trabajo-1-150x150.webp 150w, https:\/\/avispl.es\/wp-content\/uploads\/sites\/21\/2025\/08\/ex_Mesa-de-trabajo-1-768x768.webp 768w, https:\/\/avispl.es\/wp-content\/uploads\/sites\/21\/2025\/08\/ex_Mesa-de-trabajo-1-125x125.webp 125w\" sizes=\"auto, (max-width: 1200px) 100vw, 1200px\" \/>        \t                <\/div>\n                                                \t<div class=\"logo\">\n        \t                    <img loading=\"lazy\" decoding=\"async\" width=\"1200\" height=\"1200\" src=\"https:\/\/avispl.es\/wp-content\/uploads\/sites\/21\/2025\/08\/poly_Mesa-de-trabajo-1_Mesa-de-trabajo-1.webp\" class=\"attachment-full size-full\" alt=\"Logo\" srcset=\"https:\/\/avispl.es\/wp-content\/uploads\/sites\/21\/2025\/08\/poly_Mesa-de-trabajo-1_Mesa-de-trabajo-1.webp 1200w, https:\/\/avispl.es\/wp-content\/uploads\/sites\/21\/2025\/08\/poly_Mesa-de-trabajo-1_Mesa-de-trabajo-1-300x300.webp 300w, https:\/\/avispl.es\/wp-content\/uploads\/sites\/21\/2025\/08\/poly_Mesa-de-trabajo-1_Mesa-de-trabajo-1-1024x1024.webp 1024w, https:\/\/avispl.es\/wp-content\/uploads\/sites\/21\/2025\/08\/poly_Mesa-de-trabajo-1_Mesa-de-trabajo-1-150x150.webp 150w, https:\/\/avispl.es\/wp-content\/uploads\/sites\/21\/2025\/08\/poly_Mesa-de-trabajo-1_Mesa-de-trabajo-1-768x768.webp 768w, https:\/\/avispl.es\/wp-content\/uploads\/sites\/21\/2025\/08\/poly_Mesa-de-trabajo-1_Mesa-de-trabajo-1-125x125.webp 125w\" sizes=\"auto, (max-width: 1200px) 100vw, 1200px\" \/>        \t                <\/div>\n                                                \t<div class=\"logo\">\n        \t                    <img loading=\"lazy\" decoding=\"async\" width=\"1200\" height=\"1200\" src=\"https:\/\/avispl.es\/wp-content\/uploads\/sites\/21\/2025\/08\/liber_Mesa-de-trabajo-1.webp\" class=\"attachment-full size-full\" alt=\"Logo\" srcset=\"https:\/\/avispl.es\/wp-content\/uploads\/sites\/21\/2025\/08\/liber_Mesa-de-trabajo-1.webp 1200w, https:\/\/avispl.es\/wp-content\/uploads\/sites\/21\/2025\/08\/liber_Mesa-de-trabajo-1-300x300.webp 300w, https:\/\/avispl.es\/wp-content\/uploads\/sites\/21\/2025\/08\/liber_Mesa-de-trabajo-1-1024x1024.webp 1024w, https:\/\/avispl.es\/wp-content\/uploads\/sites\/21\/2025\/08\/liber_Mesa-de-trabajo-1-150x150.webp 150w, https:\/\/avispl.es\/wp-content\/uploads\/sites\/21\/2025\/08\/liber_Mesa-de-trabajo-1-768x768.webp 768w, https:\/\/avispl.es\/wp-content\/uploads\/sites\/21\/2025\/08\/liber_Mesa-de-trabajo-1-125x125.webp 125w\" sizes=\"auto, (max-width: 1200px) 100vw, 1200px\" \/>        \t                <\/div>\n                                                \t<div class=\"logo\">\n        \t                    <img loading=\"lazy\" decoding=\"async\" width=\"800\" height=\"800\" src=\"https:\/\/avispl.es\/wp-content\/uploads\/sites\/21\/2025\/08\/Microsoft-Teams.webp\" class=\"attachment-full size-full\" alt=\"Logo\" srcset=\"https:\/\/avispl.es\/wp-content\/uploads\/sites\/21\/2025\/08\/Microsoft-Teams.webp 800w, https:\/\/avispl.es\/wp-content\/uploads\/sites\/21\/2025\/08\/Microsoft-Teams-300x300.webp 300w, https:\/\/avispl.es\/wp-content\/uploads\/sites\/21\/2025\/08\/Microsoft-Teams-150x150.webp 150w, https:\/\/avispl.es\/wp-content\/uploads\/sites\/21\/2025\/08\/Microsoft-Teams-768x768.webp 768w, https:\/\/avispl.es\/wp-content\/uploads\/sites\/21\/2025\/08\/Microsoft-Teams-125x125.webp 125w\" sizes=\"auto, (max-width: 800px) 100vw, 800px\" \/>        \t                <\/div>\n                                                \t<div class=\"logo\">\n        \t                    <img loading=\"lazy\" decoding=\"async\" width=\"800\" height=\"800\" src=\"https:\/\/avispl.es\/wp-content\/uploads\/sites\/21\/2025\/08\/Neat.webp\" class=\"attachment-full size-full\" alt=\"Logo\" srcset=\"https:\/\/avispl.es\/wp-content\/uploads\/sites\/21\/2025\/08\/Neat.webp 800w, https:\/\/avispl.es\/wp-content\/uploads\/sites\/21\/2025\/08\/Neat-300x300.webp 300w, https:\/\/avispl.es\/wp-content\/uploads\/sites\/21\/2025\/08\/Neat-150x150.webp 150w, https:\/\/avispl.es\/wp-content\/uploads\/sites\/21\/2025\/08\/Neat-768x768.webp 768w, https:\/\/avispl.es\/wp-content\/uploads\/sites\/21\/2025\/08\/Neat-125x125.webp 125w\" sizes=\"auto, (max-width: 800px) 100vw, 800px\" \/>        \t                <\/div>\n                                                \t<div class=\"logo\">\n        \t                    <img loading=\"lazy\" decoding=\"async\" width=\"1200\" height=\"1200\" src=\"https:\/\/avispl.es\/wp-content\/uploads\/sites\/21\/2025\/08\/pir_Mesa-de-trabajo-1_Mesa-de-trabajo-1.webp\" class=\"attachment-full size-full\" alt=\"Logo\" srcset=\"https:\/\/avispl.es\/wp-content\/uploads\/sites\/21\/2025\/08\/pir_Mesa-de-trabajo-1_Mesa-de-trabajo-1.webp 1200w, https:\/\/avispl.es\/wp-content\/uploads\/sites\/21\/2025\/08\/pir_Mesa-de-trabajo-1_Mesa-de-trabajo-1-300x300.webp 300w, https:\/\/avispl.es\/wp-content\/uploads\/sites\/21\/2025\/08\/pir_Mesa-de-trabajo-1_Mesa-de-trabajo-1-1024x1024.webp 1024w, https:\/\/avispl.es\/wp-content\/uploads\/sites\/21\/2025\/08\/pir_Mesa-de-trabajo-1_Mesa-de-trabajo-1-150x150.webp 150w, https:\/\/avispl.es\/wp-content\/uploads\/sites\/21\/2025\/08\/pir_Mesa-de-trabajo-1_Mesa-de-trabajo-1-768x768.webp 768w, https:\/\/avispl.es\/wp-content\/uploads\/sites\/21\/2025\/08\/pir_Mesa-de-trabajo-1_Mesa-de-trabajo-1-125x125.webp 125w\" sizes=\"auto, (max-width: 1200px) 100vw, 1200px\" \/>        \t                <\/div>\n                                                \t<div class=\"logo\">\n        \t                    <img loading=\"lazy\" decoding=\"async\" width=\"1200\" height=\"1200\" src=\"https:\/\/avispl.es\/wp-content\/uploads\/sites\/21\/2025\/08\/sen_Mesa-de-trabajo-1.webp\" class=\"attachment-full size-full\" alt=\"Logo\" srcset=\"https:\/\/avispl.es\/wp-content\/uploads\/sites\/21\/2025\/08\/sen_Mesa-de-trabajo-1.webp 1200w, https:\/\/avispl.es\/wp-content\/uploads\/sites\/21\/2025\/08\/sen_Mesa-de-trabajo-1-300x300.webp 300w, https:\/\/avispl.es\/wp-content\/uploads\/sites\/21\/2025\/08\/sen_Mesa-de-trabajo-1-1024x1024.webp 1024w, https:\/\/avispl.es\/wp-content\/uploads\/sites\/21\/2025\/08\/sen_Mesa-de-trabajo-1-150x150.webp 150w, https:\/\/avispl.es\/wp-content\/uploads\/sites\/21\/2025\/08\/sen_Mesa-de-trabajo-1-768x768.webp 768w, https:\/\/avispl.es\/wp-content\/uploads\/sites\/21\/2025\/08\/sen_Mesa-de-trabajo-1-125x125.webp 125w\" sizes=\"auto, (max-width: 1200px) 100vw, 1200px\" \/>        \t                <\/div>\n                                                \t<div class=\"logo\">\n        \t                    <img loading=\"lazy\" decoding=\"async\" width=\"800\" height=\"800\" src=\"https:\/\/avispl.es\/wp-content\/uploads\/sites\/21\/2025\/08\/Sharp.webp\" class=\"attachment-full size-full\" alt=\"Logo\" srcset=\"https:\/\/avispl.es\/wp-content\/uploads\/sites\/21\/2025\/08\/Sharp.webp 800w, https:\/\/avispl.es\/wp-content\/uploads\/sites\/21\/2025\/08\/Sharp-300x300.webp 300w, https:\/\/avispl.es\/wp-content\/uploads\/sites\/21\/2025\/08\/Sharp-150x150.webp 150w, https:\/\/avispl.es\/wp-content\/uploads\/sites\/21\/2025\/08\/Sharp-768x768.webp 768w, https:\/\/avispl.es\/wp-content\/uploads\/sites\/21\/2025\/08\/Sharp-125x125.webp 125w\" sizes=\"auto, (max-width: 800px) 100vw, 800px\" \/>        \t                <\/div>\n                                            <\/div>\n                                    <div\n                        class=\"event-sponsors__grid__group\"\n                        style=\"animation: scroll-x 42s linear infinite;\"\n                        aria-hidden=\"true\"\n                    >\n                                                \t<div class=\"logo\">\n        \t                    <img loading=\"lazy\" decoding=\"async\" width=\"1200\" height=\"1200\" src=\"https:\/\/avispl.es\/wp-content\/uploads\/sites\/21\/2025\/08\/Crestron_Mesa-de-trabajo-1.webp\" class=\"attachment-full size-full\" alt=\"Logo\" srcset=\"https:\/\/avispl.es\/wp-content\/uploads\/sites\/21\/2025\/08\/Crestron_Mesa-de-trabajo-1.webp 1200w, https:\/\/avispl.es\/wp-content\/uploads\/sites\/21\/2025\/08\/Crestron_Mesa-de-trabajo-1-300x300.webp 300w, https:\/\/avispl.es\/wp-content\/uploads\/sites\/21\/2025\/08\/Crestron_Mesa-de-trabajo-1-1024x1024.webp 1024w, https:\/\/avispl.es\/wp-content\/uploads\/sites\/21\/2025\/08\/Crestron_Mesa-de-trabajo-1-150x150.webp 150w, https:\/\/avispl.es\/wp-content\/uploads\/sites\/21\/2025\/08\/Crestron_Mesa-de-trabajo-1-768x768.webp 768w, https:\/\/avispl.es\/wp-content\/uploads\/sites\/21\/2025\/08\/Crestron_Mesa-de-trabajo-1-125x125.webp 125w\" sizes=\"auto, (max-width: 1200px) 100vw, 1200px\" \/>        \t                <\/div>\n                                                \t<div class=\"logo\">\n        \t                    <img loading=\"lazy\" decoding=\"async\" width=\"1200\" height=\"1200\" src=\"https:\/\/avispl.es\/wp-content\/uploads\/sites\/21\/2025\/08\/lolli_Mesa-de-trabajo-1.png\" class=\"attachment-full size-full\" alt=\"Logo\" srcset=\"https:\/\/avispl.es\/wp-content\/uploads\/sites\/21\/2025\/08\/lolli_Mesa-de-trabajo-1.png 1200w, https:\/\/avispl.es\/wp-content\/uploads\/sites\/21\/2025\/08\/lolli_Mesa-de-trabajo-1-300x300.png 300w, https:\/\/avispl.es\/wp-content\/uploads\/sites\/21\/2025\/08\/lolli_Mesa-de-trabajo-1-1024x1024.png 1024w, https:\/\/avispl.es\/wp-content\/uploads\/sites\/21\/2025\/08\/lolli_Mesa-de-trabajo-1-150x150.png 150w, https:\/\/avispl.es\/wp-content\/uploads\/sites\/21\/2025\/08\/lolli_Mesa-de-trabajo-1-768x768.png 768w, https:\/\/avispl.es\/wp-content\/uploads\/sites\/21\/2025\/08\/lolli_Mesa-de-trabajo-1-125x125.png 125w\" sizes=\"auto, (max-width: 1200px) 100vw, 1200px\" \/>        \t                <\/div>\n                                                \t<div class=\"logo\">\n        \t                    <img loading=\"lazy\" decoding=\"async\" width=\"800\" height=\"800\" src=\"https:\/\/avispl.es\/wp-content\/uploads\/sites\/21\/2025\/08\/Q-Sys.webp\" class=\"attachment-full size-full\" alt=\"Logo\" srcset=\"https:\/\/avispl.es\/wp-content\/uploads\/sites\/21\/2025\/08\/Q-Sys.webp 800w, https:\/\/avispl.es\/wp-content\/uploads\/sites\/21\/2025\/08\/Q-Sys-300x300.webp 300w, https:\/\/avispl.es\/wp-content\/uploads\/sites\/21\/2025\/08\/Q-Sys-150x150.webp 150w, https:\/\/avispl.es\/wp-content\/uploads\/sites\/21\/2025\/08\/Q-Sys-768x768.webp 768w, https:\/\/avispl.es\/wp-content\/uploads\/sites\/21\/2025\/08\/Q-Sys-125x125.webp 125w\" sizes=\"auto, (max-width: 800px) 100vw, 800px\" \/>        \t                <\/div>\n                                                \t<div class=\"logo\">\n        \t                    <img loading=\"lazy\" decoding=\"async\" width=\"1200\" height=\"1200\" src=\"https:\/\/avispl.es\/wp-content\/uploads\/sites\/21\/2025\/08\/chur_Mesa-de-trabajo-1.webp\" class=\"attachment-full size-full\" alt=\"Logo\" srcset=\"https:\/\/avispl.es\/wp-content\/uploads\/sites\/21\/2025\/08\/chur_Mesa-de-trabajo-1.webp 1200w, https:\/\/avispl.es\/wp-content\/uploads\/sites\/21\/2025\/08\/chur_Mesa-de-trabajo-1-300x300.webp 300w, https:\/\/avispl.es\/wp-content\/uploads\/sites\/21\/2025\/08\/chur_Mesa-de-trabajo-1-1024x1024.webp 1024w, https:\/\/avispl.es\/wp-content\/uploads\/sites\/21\/2025\/08\/chur_Mesa-de-trabajo-1-150x150.webp 150w, https:\/\/avispl.es\/wp-content\/uploads\/sites\/21\/2025\/08\/chur_Mesa-de-trabajo-1-768x768.webp 768w, https:\/\/avispl.es\/wp-content\/uploads\/sites\/21\/2025\/08\/chur_Mesa-de-trabajo-1-125x125.webp 125w\" sizes=\"auto, (max-width: 1200px) 100vw, 1200px\" \/>        \t                <\/div>\n                                                \t<div class=\"logo\">\n        \t                    <img loading=\"lazy\" decoding=\"async\" width=\"800\" height=\"800\" src=\"https:\/\/avispl.es\/wp-content\/uploads\/sites\/21\/2025\/08\/Barco.webp\" class=\"attachment-full size-full\" alt=\"Logo\" srcset=\"https:\/\/avispl.es\/wp-content\/uploads\/sites\/21\/2025\/08\/Barco.webp 800w, https:\/\/avispl.es\/wp-content\/uploads\/sites\/21\/2025\/08\/Barco-300x300.webp 300w, https:\/\/avispl.es\/wp-content\/uploads\/sites\/21\/2025\/08\/Barco-150x150.webp 150w, https:\/\/avispl.es\/wp-content\/uploads\/sites\/21\/2025\/08\/Barco-768x768.webp 768w, https:\/\/avispl.es\/wp-content\/uploads\/sites\/21\/2025\/08\/Barco-125x125.webp 125w\" sizes=\"auto, (max-width: 800px) 100vw, 800px\" \/>        \t                <\/div>\n                                                \t<div class=\"logo\">\n        \t                    <img loading=\"lazy\" decoding=\"async\" width=\"1200\" height=\"1200\" src=\"https:\/\/avispl.es\/wp-content\/uploads\/sites\/21\/2025\/08\/quisti_Mesa-de-trabajo-1.webp\" class=\"attachment-full size-full\" alt=\"Logo\" srcset=\"https:\/\/avispl.es\/wp-content\/uploads\/sites\/21\/2025\/08\/quisti_Mesa-de-trabajo-1.webp 1200w, https:\/\/avispl.es\/wp-content\/uploads\/sites\/21\/2025\/08\/quisti_Mesa-de-trabajo-1-300x300.webp 300w, https:\/\/avispl.es\/wp-content\/uploads\/sites\/21\/2025\/08\/quisti_Mesa-de-trabajo-1-1024x1024.webp 1024w, https:\/\/avispl.es\/wp-content\/uploads\/sites\/21\/2025\/08\/quisti_Mesa-de-trabajo-1-150x150.webp 150w, https:\/\/avispl.es\/wp-content\/uploads\/sites\/21\/2025\/08\/quisti_Mesa-de-trabajo-1-768x768.webp 768w, https:\/\/avispl.es\/wp-content\/uploads\/sites\/21\/2025\/08\/quisti_Mesa-de-trabajo-1-125x125.webp 125w\" sizes=\"auto, (max-width: 1200px) 100vw, 1200px\" \/>        \t                <\/div>\n                                                \t<div class=\"logo\">\n        \t                    <img loading=\"lazy\" decoding=\"async\" width=\"1200\" height=\"1200\" src=\"https:\/\/avispl.es\/wp-content\/uploads\/sites\/21\/2025\/08\/ex_Mesa-de-trabajo-1.webp\" class=\"attachment-full size-full\" alt=\"Logo\" srcset=\"https:\/\/avispl.es\/wp-content\/uploads\/sites\/21\/2025\/08\/ex_Mesa-de-trabajo-1.webp 1200w, https:\/\/avispl.es\/wp-content\/uploads\/sites\/21\/2025\/08\/ex_Mesa-de-trabajo-1-300x300.webp 300w, https:\/\/avispl.es\/wp-content\/uploads\/sites\/21\/2025\/08\/ex_Mesa-de-trabajo-1-1024x1024.webp 1024w, https:\/\/avispl.es\/wp-content\/uploads\/sites\/21\/2025\/08\/ex_Mesa-de-trabajo-1-150x150.webp 150w, https:\/\/avispl.es\/wp-content\/uploads\/sites\/21\/2025\/08\/ex_Mesa-de-trabajo-1-768x768.webp 768w, https:\/\/avispl.es\/wp-content\/uploads\/sites\/21\/2025\/08\/ex_Mesa-de-trabajo-1-125x125.webp 125w\" sizes=\"auto, (max-width: 1200px) 100vw, 1200px\" \/>        \t                <\/div>\n                                                \t<div class=\"logo\">\n        \t                    <img loading=\"lazy\" decoding=\"async\" width=\"1200\" height=\"1200\" src=\"https:\/\/avispl.es\/wp-content\/uploads\/sites\/21\/2025\/08\/poly_Mesa-de-trabajo-1_Mesa-de-trabajo-1.webp\" class=\"attachment-full size-full\" alt=\"Logo\" srcset=\"https:\/\/avispl.es\/wp-content\/uploads\/sites\/21\/2025\/08\/poly_Mesa-de-trabajo-1_Mesa-de-trabajo-1.webp 1200w, https:\/\/avispl.es\/wp-content\/uploads\/sites\/21\/2025\/08\/poly_Mesa-de-trabajo-1_Mesa-de-trabajo-1-300x300.webp 300w, https:\/\/avispl.es\/wp-content\/uploads\/sites\/21\/2025\/08\/poly_Mesa-de-trabajo-1_Mesa-de-trabajo-1-1024x1024.webp 1024w, https:\/\/avispl.es\/wp-content\/uploads\/sites\/21\/2025\/08\/poly_Mesa-de-trabajo-1_Mesa-de-trabajo-1-150x150.webp 150w, https:\/\/avispl.es\/wp-content\/uploads\/sites\/21\/2025\/08\/poly_Mesa-de-trabajo-1_Mesa-de-trabajo-1-768x768.webp 768w, https:\/\/avispl.es\/wp-content\/uploads\/sites\/21\/2025\/08\/poly_Mesa-de-trabajo-1_Mesa-de-trabajo-1-125x125.webp 125w\" sizes=\"auto, (max-width: 1200px) 100vw, 1200px\" \/>        \t                <\/div>\n                                                \t<div class=\"logo\">\n        \t                    <img loading=\"lazy\" decoding=\"async\" width=\"1200\" height=\"1200\" src=\"https:\/\/avispl.es\/wp-content\/uploads\/sites\/21\/2025\/08\/liber_Mesa-de-trabajo-1.webp\" class=\"attachment-full size-full\" alt=\"Logo\" srcset=\"https:\/\/avispl.es\/wp-content\/uploads\/sites\/21\/2025\/08\/liber_Mesa-de-trabajo-1.webp 1200w, https:\/\/avispl.es\/wp-content\/uploads\/sites\/21\/2025\/08\/liber_Mesa-de-trabajo-1-300x300.webp 300w, https:\/\/avispl.es\/wp-content\/uploads\/sites\/21\/2025\/08\/liber_Mesa-de-trabajo-1-1024x1024.webp 1024w, https:\/\/avispl.es\/wp-content\/uploads\/sites\/21\/2025\/08\/liber_Mesa-de-trabajo-1-150x150.webp 150w, https:\/\/avispl.es\/wp-content\/uploads\/sites\/21\/2025\/08\/liber_Mesa-de-trabajo-1-768x768.webp 768w, https:\/\/avispl.es\/wp-content\/uploads\/sites\/21\/2025\/08\/liber_Mesa-de-trabajo-1-125x125.webp 125w\" sizes=\"auto, (max-width: 1200px) 100vw, 1200px\" \/>        \t                <\/div>\n                                                \t<div class=\"logo\">\n        \t                    <img loading=\"lazy\" decoding=\"async\" width=\"800\" height=\"800\" src=\"https:\/\/avispl.es\/wp-content\/uploads\/sites\/21\/2025\/08\/Microsoft-Teams.webp\" class=\"attachment-full size-full\" alt=\"Logo\" srcset=\"https:\/\/avispl.es\/wp-content\/uploads\/sites\/21\/2025\/08\/Microsoft-Teams.webp 800w, https:\/\/avispl.es\/wp-content\/uploads\/sites\/21\/2025\/08\/Microsoft-Teams-300x300.webp 300w, https:\/\/avispl.es\/wp-content\/uploads\/sites\/21\/2025\/08\/Microsoft-Teams-150x150.webp 150w, https:\/\/avispl.es\/wp-content\/uploads\/sites\/21\/2025\/08\/Microsoft-Teams-768x768.webp 768w, https:\/\/avispl.es\/wp-content\/uploads\/sites\/21\/2025\/08\/Microsoft-Teams-125x125.webp 125w\" sizes=\"auto, (max-width: 800px) 100vw, 800px\" \/>        \t                <\/div>\n                                                \t<div class=\"logo\">\n        \t                    <img loading=\"lazy\" decoding=\"async\" width=\"800\" height=\"800\" src=\"https:\/\/avispl.es\/wp-content\/uploads\/sites\/21\/2025\/08\/Neat.webp\" class=\"attachment-full size-full\" alt=\"Logo\" srcset=\"https:\/\/avispl.es\/wp-content\/uploads\/sites\/21\/2025\/08\/Neat.webp 800w, https:\/\/avispl.es\/wp-content\/uploads\/sites\/21\/2025\/08\/Neat-300x300.webp 300w, https:\/\/avispl.es\/wp-content\/uploads\/sites\/21\/2025\/08\/Neat-150x150.webp 150w, https:\/\/avispl.es\/wp-content\/uploads\/sites\/21\/2025\/08\/Neat-768x768.webp 768w, https:\/\/avispl.es\/wp-content\/uploads\/sites\/21\/2025\/08\/Neat-125x125.webp 125w\" sizes=\"auto, (max-width: 800px) 100vw, 800px\" \/>        \t                <\/div>\n                                                \t<div class=\"logo\">\n        \t                    <img loading=\"lazy\" decoding=\"async\" width=\"1200\" height=\"1200\" src=\"https:\/\/avispl.es\/wp-content\/uploads\/sites\/21\/2025\/08\/pir_Mesa-de-trabajo-1_Mesa-de-trabajo-1.webp\" class=\"attachment-full size-full\" alt=\"Logo\" srcset=\"https:\/\/avispl.es\/wp-content\/uploads\/sites\/21\/2025\/08\/pir_Mesa-de-trabajo-1_Mesa-de-trabajo-1.webp 1200w, https:\/\/avispl.es\/wp-content\/uploads\/sites\/21\/2025\/08\/pir_Mesa-de-trabajo-1_Mesa-de-trabajo-1-300x300.webp 300w, https:\/\/avispl.es\/wp-content\/uploads\/sites\/21\/2025\/08\/pir_Mesa-de-trabajo-1_Mesa-de-trabajo-1-1024x1024.webp 1024w, https:\/\/avispl.es\/wp-content\/uploads\/sites\/21\/2025\/08\/pir_Mesa-de-trabajo-1_Mesa-de-trabajo-1-150x150.webp 150w, https:\/\/avispl.es\/wp-content\/uploads\/sites\/21\/2025\/08\/pir_Mesa-de-trabajo-1_Mesa-de-trabajo-1-768x768.webp 768w, https:\/\/avispl.es\/wp-content\/uploads\/sites\/21\/2025\/08\/pir_Mesa-de-trabajo-1_Mesa-de-trabajo-1-125x125.webp 125w\" sizes=\"auto, (max-width: 1200px) 100vw, 1200px\" \/>        \t                <\/div>\n                                                \t<div class=\"logo\">\n        \t                    <img loading=\"lazy\" decoding=\"async\" width=\"1200\" height=\"1200\" src=\"https:\/\/avispl.es\/wp-content\/uploads\/sites\/21\/2025\/08\/sen_Mesa-de-trabajo-1.webp\" class=\"attachment-full size-full\" alt=\"Logo\" srcset=\"https:\/\/avispl.es\/wp-content\/uploads\/sites\/21\/2025\/08\/sen_Mesa-de-trabajo-1.webp 1200w, https:\/\/avispl.es\/wp-content\/uploads\/sites\/21\/2025\/08\/sen_Mesa-de-trabajo-1-300x300.webp 300w, https:\/\/avispl.es\/wp-content\/uploads\/sites\/21\/2025\/08\/sen_Mesa-de-trabajo-1-1024x1024.webp 1024w, https:\/\/avispl.es\/wp-content\/uploads\/sites\/21\/2025\/08\/sen_Mesa-de-trabajo-1-150x150.webp 150w, https:\/\/avispl.es\/wp-content\/uploads\/sites\/21\/2025\/08\/sen_Mesa-de-trabajo-1-768x768.webp 768w, https:\/\/avispl.es\/wp-content\/uploads\/sites\/21\/2025\/08\/sen_Mesa-de-trabajo-1-125x125.webp 125w\" sizes=\"auto, (max-width: 1200px) 100vw, 1200px\" \/>        \t                <\/div>\n                                                \t<div class=\"logo\">\n        \t                    <img loading=\"lazy\" decoding=\"async\" width=\"800\" height=\"800\" src=\"https:\/\/avispl.es\/wp-content\/uploads\/sites\/21\/2025\/08\/Sharp.webp\" class=\"attachment-full size-full\" alt=\"Logo\" srcset=\"https:\/\/avispl.es\/wp-content\/uploads\/sites\/21\/2025\/08\/Sharp.webp 800w, https:\/\/avispl.es\/wp-content\/uploads\/sites\/21\/2025\/08\/Sharp-300x300.webp 300w, https:\/\/avispl.es\/wp-content\/uploads\/sites\/21\/2025\/08\/Sharp-150x150.webp 150w, https:\/\/avispl.es\/wp-content\/uploads\/sites\/21\/2025\/08\/Sharp-768x768.webp 768w, https:\/\/avispl.es\/wp-content\/uploads\/sites\/21\/2025\/08\/Sharp-125x125.webp 125w\" sizes=\"auto, (max-width: 800px) 100vw, 800px\" \/>        \t                <\/div>\n                                            <\/div>\n                            <\/div>\n        \t<\/div>\n<\/section>\n\n\n\n<section class=\"event-information page-block\" role=\"region\">\n\t<div class=\"container\">\n\t\t<div class=\"event-information__left\">\n\t\t\t<h3>\u00bfQu\u00e9 esperas para registrarte?<\/h3>\t\t\t<ul class=\"event-information__details\">\n\t\t\t\t<li class=\"p-lg date\">Thursday, September 4, 2025<\/li>\t\t\t\t<li class=\"p-lg times\">6:00 pm<\/li><li class=\"address\"><p>Plaza Carso: C. Lago Zurich 119, Granada, Miguel Hidalgo, 11529 Ciudad de M\u00e9xico, CDMX<\/p><\/li>\t\t\t<\/ul>\n\t\t\t\n\t\t\t\t\t<\/div>\n\n\t\t             <div class=\"event-information__blocks\">\n                \n                    <div class=\"block\">\n                    \t<h6>Sobre el venue<\/h6>\t\t\t\t\t    <p>Inspark se encuentra en Plaza Carso, una de las zonas m\u00e1s modernas e ic\u00f3nicas de la Ciudad de M\u00e9xico. Este espacio combina tecnolog\u00eda de vanguardia con un dise\u00f1o innovador para ofrecer experiencias inmersivas \u00fanicas. Ubicado dentro de uno de los complejos m\u00e1s importantes del pa\u00eds, Inspark est\u00e1 rodeado de arte, cultura y modernidad, haciendo de este venue el lugar ideal para eventos enfocados en el futuro, la innovaci\u00f3n y la integraci\u00f3n audiovisual.<\/p>\t\t\t\t\t<\/div>\n                            <\/div>\n        \t<\/div>\n<\/section>\n\n\n<section class=\"event-map page-block\" role=\"region\">\n\t\t    <div class=\"acf-map\" data-zoom=\"14\">\n\t        <div class=\"marker\" data-lat=\"19.4424897\" data-lng=\"-99.2033941\"><\/div>\n\t    <\/div>\n\t\n<\/section>\n","protected":false},"featured_media":18286,"template":"","meta":{"_acf_changed":true,"footnotes":""},"event-tag":[21],"class_list":["post-18181","event","type-event","status-publish","has-post-thumbnail","hentry","event-tag-vibe"],"acf":[],"yoast_head":"<!-- This site is optimized with the Yoast SEO Premium plugin v27.4 (Yoast SEO v27.4) - https:\/\/yoast.com\/product\/yoast-seo-premium-wordpress\/ -->\n<title>VIBE Mexico - AVI-SPL Spain<\/title>\n<meta name=\"robots\" content=\"index, follow, max-snippet:-1, max-image-preview:large, max-video-preview:-1\" \/>\n<link rel=\"canonical\" href=\"https:\/\/avispl.es\/en\/event\/vibe-mexico\/\" \/>\n<meta property=\"og:locale\" content=\"en_US\" \/>\n<meta property=\"og:type\" content=\"article\" \/>\n<meta property=\"og:title\" content=\"VIBE Mexico\" \/>\n<meta property=\"og:url\" content=\"https:\/\/avispl.es\/en\/event\/vibe-mexico\/\" \/>\n<meta property=\"og:site_name\" content=\"AVI-SPL Spain\" \/>\n<meta property=\"article:modified_time\" content=\"2025-08-29T16:19:36+00:00\" \/>\n<meta property=\"og:image\" content=\"https:\/\/avispl.es\/wp-content\/uploads\/sites\/21\/2025\/08\/Image-4.jpg\" \/>\n\t<meta property=\"og:image:width\" content=\"800\" \/>\n\t<meta property=\"og:image:height\" content=\"533\" \/>\n\t<meta property=\"og:image:type\" content=\"image\/jpeg\" \/>\n<meta name=\"twitter:card\" content=\"summary_large_image\" \/>\n<meta name=\"twitter:label1\" content=\"Est. reading time\" \/>\n\t<meta name=\"twitter:data1\" content=\"7 minutes\" \/>\n<script type=\"application\/ld+json\" class=\"yoast-schema-graph\">{\"@context\":\"https:\\\/\\\/schema.org\",\"@graph\":[{\"@type\":\"WebPage\",\"@id\":\"https:\\\/\\\/avispl.es\\\/en\\\/event\\\/vibe-mexico\\\/\",\"url\":\"https:\\\/\\\/avispl.es\\\/en\\\/event\\\/vibe-mexico\\\/\",\"name\":\"VIBE Mexico - AVI-SPL Spain\",\"isPartOf\":{\"@id\":\"https:\\\/\\\/avispl.es\\\/en\\\/#website\"},\"primaryImageOfPage\":{\"@id\":\"https:\\\/\\\/avispl.es\\\/en\\\/event\\\/vibe-mexico\\\/#primaryimage\"},\"image\":{\"@id\":\"https:\\\/\\\/avispl.es\\\/en\\\/event\\\/vibe-mexico\\\/#primaryimage\"},\"thumbnailUrl\":\"https:\\\/\\\/avispl.es\\\/wp-content\\\/uploads\\\/sites\\\/21\\\/2025\\\/08\\\/Image-4.jpg\",\"datePublished\":\"2025-08-15T19:50:30+00:00\",\"dateModified\":\"2025-08-29T16:19:36+00:00\",\"breadcrumb\":{\"@id\":\"https:\\\/\\\/avispl.es\\\/en\\\/event\\\/vibe-mexico\\\/#breadcrumb\"},\"inLanguage\":\"en-US\",\"potentialAction\":[{\"@type\":\"ReadAction\",\"target\":[\"https:\\\/\\\/avispl.es\\\/en\\\/event\\\/vibe-mexico\\\/\"]}]},{\"@type\":\"ImageObject\",\"inLanguage\":\"en-US\",\"@id\":\"https:\\\/\\\/avispl.es\\\/en\\\/event\\\/vibe-mexico\\\/#primaryimage\",\"url\":\"https:\\\/\\\/avispl.es\\\/wp-content\\\/uploads\\\/sites\\\/21\\\/2025\\\/08\\\/Image-4.jpg\",\"contentUrl\":\"https:\\\/\\\/avispl.es\\\/wp-content\\\/uploads\\\/sites\\\/21\\\/2025\\\/08\\\/Image-4.jpg\",\"width\":800,\"height\":533,\"caption\":\"VIBE Mexico\"},{\"@type\":\"BreadcrumbList\",\"@id\":\"https:\\\/\\\/avispl.es\\\/en\\\/event\\\/vibe-mexico\\\/#breadcrumb\",\"itemListElement\":[{\"@type\":\"ListItem\",\"position\":1,\"name\":\"Home\",\"item\":\"https:\\\/\\\/avispl.es\\\/en\\\/\"},{\"@type\":\"ListItem\",\"position\":2,\"name\":\"Events\",\"item\":\"https:\\\/\\\/avispl.es\\\/en\\\/events\\\/\"},{\"@type\":\"ListItem\",\"position\":3,\"name\":\"VIBE Mexico\"}]},{\"@type\":\"WebSite\",\"@id\":\"https:\\\/\\\/avispl.es\\\/en\\\/#website\",\"url\":\"https:\\\/\\\/avispl.es\\\/en\\\/\",\"name\":\"AVI-SPL Spain\",\"description\":\"AV\\\/UC collaboration, education and experience technology\",\"publisher\":{\"@id\":\"https:\\\/\\\/avispl.es\\\/en\\\/#organization\"},\"potentialAction\":[{\"@type\":\"SearchAction\",\"target\":{\"@type\":\"EntryPoint\",\"urlTemplate\":\"https:\\\/\\\/avispl.es\\\/en\\\/?s={search_term_string}\"},\"query-input\":{\"@type\":\"PropertyValueSpecification\",\"valueRequired\":true,\"valueName\":\"search_term_string\"}}],\"inLanguage\":\"en-US\"},{\"@type\":\"Organization\",\"@id\":\"https:\\\/\\\/avispl.es\\\/en\\\/#organization\",\"name\":\"AVI-SPL\",\"url\":\"https:\\\/\\\/avispl.es\\\/en\\\/\",\"logo\":{\"@type\":\"ImageObject\",\"inLanguage\":\"en-US\",\"@id\":\"https:\\\/\\\/avispl.es\\\/en\\\/#\\\/schema\\\/logo\\\/image\\\/\",\"url\":\"https:\\\/\\\/avispl.es\\\/wp-content\\\/uploads\\\/sites\\\/21\\\/2024\\\/11\\\/logo.svg\",\"contentUrl\":\"https:\\\/\\\/avispl.es\\\/wp-content\\\/uploads\\\/sites\\\/21\\\/2024\\\/11\\\/logo.svg\",\"caption\":\"AVI-SPL\"},\"image\":{\"@id\":\"https:\\\/\\\/avispl.es\\\/en\\\/#\\\/schema\\\/logo\\\/image\\\/\"}}]}<\/script>\n<!-- \/ Yoast SEO Premium plugin. -->","yoast_head_json":{"title":"VIBE Mexico - AVI-SPL Spain","robots":{"index":"index","follow":"follow","max-snippet":"max-snippet:-1","max-image-preview":"max-image-preview:large","max-video-preview":"max-video-preview:-1"},"canonical":"https:\/\/avispl.es\/en\/event\/vibe-mexico\/","og_locale":"en_US","og_type":"article","og_title":"VIBE Mexico","og_url":"https:\/\/avispl.es\/en\/event\/vibe-mexico\/","og_site_name":"AVI-SPL Spain","article_modified_time":"2025-08-29T16:19:36+00:00","og_image":[{"width":800,"height":533,"url":"https:\/\/avispl.es\/wp-content\/uploads\/sites\/21\/2025\/08\/Image-4.jpg","type":"image\/jpeg"}],"twitter_card":"summary_large_image","twitter_misc":{"Est. reading time":"7 minutes"},"schema":{"@context":"https:\/\/schema.org","@graph":[{"@type":"WebPage","@id":"https:\/\/avispl.es\/en\/event\/vibe-mexico\/","url":"https:\/\/avispl.es\/en\/event\/vibe-mexico\/","name":"VIBE Mexico - AVI-SPL Spain","isPartOf":{"@id":"https:\/\/avispl.es\/en\/#website"},"primaryImageOfPage":{"@id":"https:\/\/avispl.es\/en\/event\/vibe-mexico\/#primaryimage"},"image":{"@id":"https:\/\/avispl.es\/en\/event\/vibe-mexico\/#primaryimage"},"thumbnailUrl":"https:\/\/avispl.es\/wp-content\/uploads\/sites\/21\/2025\/08\/Image-4.jpg","datePublished":"2025-08-15T19:50:30+00:00","dateModified":"2025-08-29T16:19:36+00:00","breadcrumb":{"@id":"https:\/\/avispl.es\/en\/event\/vibe-mexico\/#breadcrumb"},"inLanguage":"en-US","potentialAction":[{"@type":"ReadAction","target":["https:\/\/avispl.es\/en\/event\/vibe-mexico\/"]}]},{"@type":"ImageObject","inLanguage":"en-US","@id":"https:\/\/avispl.es\/en\/event\/vibe-mexico\/#primaryimage","url":"https:\/\/avispl.es\/wp-content\/uploads\/sites\/21\/2025\/08\/Image-4.jpg","contentUrl":"https:\/\/avispl.es\/wp-content\/uploads\/sites\/21\/2025\/08\/Image-4.jpg","width":800,"height":533,"caption":"VIBE Mexico"},{"@type":"BreadcrumbList","@id":"https:\/\/avispl.es\/en\/event\/vibe-mexico\/#breadcrumb","itemListElement":[{"@type":"ListItem","position":1,"name":"Home","item":"https:\/\/avispl.es\/en\/"},{"@type":"ListItem","position":2,"name":"Events","item":"https:\/\/avispl.es\/en\/events\/"},{"@type":"ListItem","position":3,"name":"VIBE Mexico"}]},{"@type":"WebSite","@id":"https:\/\/avispl.es\/en\/#website","url":"https:\/\/avispl.es\/en\/","name":"AVI-SPL Spain","description":"AV\/UC collaboration, education and experience technology","publisher":{"@id":"https:\/\/avispl.es\/en\/#organization"},"potentialAction":[{"@type":"SearchAction","target":{"@type":"EntryPoint","urlTemplate":"https:\/\/avispl.es\/en\/?s={search_term_string}"},"query-input":{"@type":"PropertyValueSpecification","valueRequired":true,"valueName":"search_term_string"}}],"inLanguage":"en-US"},{"@type":"Organization","@id":"https:\/\/avispl.es\/en\/#organization","name":"AVI-SPL","url":"https:\/\/avispl.es\/en\/","logo":{"@type":"ImageObject","inLanguage":"en-US","@id":"https:\/\/avispl.es\/en\/#\/schema\/logo\/image\/","url":"https:\/\/avispl.es\/wp-content\/uploads\/sites\/21\/2024\/11\/logo.svg","contentUrl":"https:\/\/avispl.es\/wp-content\/uploads\/sites\/21\/2024\/11\/logo.svg","caption":"AVI-SPL"},"image":{"@id":"https:\/\/avispl.es\/en\/#\/schema\/logo\/image\/"}}]}},"_links":{"self":[{"href":"https:\/\/avispl.es\/en\/wp-json\/wp\/v2\/event\/18181","targetHints":{"allow":["GET"]}}],"collection":[{"href":"https:\/\/avispl.es\/en\/wp-json\/wp\/v2\/event"}],"about":[{"href":"https:\/\/avispl.es\/en\/wp-json\/wp\/v2\/types\/event"}],"version-history":[{"count":0,"href":"https:\/\/avispl.es\/en\/wp-json\/wp\/v2\/event\/18181\/revisions"}],"wp:featuredmedia":[{"embeddable":true,"href":"https:\/\/avispl.es\/en\/wp-json\/wp\/v2\/media\/18286"}],"wp:attachment":[{"href":"https:\/\/avispl.es\/en\/wp-json\/wp\/v2\/media?parent=18181"}],"wp:term":[{"taxonomy":"event-tag","embeddable":true,"href":"https:\/\/avispl.es\/en\/wp-json\/wp\/v2\/event-tag?post=18181"}],"curies":[{"name":"wp","href":"https:\/\/api.w.org\/{rel}","templated":true}]}}